{"id":607,"date":"2021-04-28T15:36:55","date_gmt":"2021-04-28T13:36:55","guid":{"rendered":"https:\/\/martemeo.afp-solidarite-famille.lu\/?page_id=607"},"modified":"2024-09-27T10:56:22","modified_gmt":"2024-09-27T08:56:22","slug":"politique-de-confidentialite","status":"publish","type":"page","link":"https:\/\/www.martemeo.lu\/fr\/politique-de-confidentialite\/","title":{"rendered":"Politique de confidentialit\u00e9"},"content":{"rendered":"\n<hr class=\"wp-block-separator has-css-opacity is-style-wide divider-headline-blue\"\/>\n\n\n\n<p><strong>Ce site web n\u2019utilise pas de cookies.<\/strong><\/p>\n\n\n\n<p> Les donn\u00e9es recueillies par ce site web ne peuvent provenir que de l\u2019enregistrement volontaire fait par vous-m\u00eame de vos donn\u00e9es personnelles, par exemple par l\u2019utilisation du formulaire d\u2019inscription. <\/p>\n\n\n\n<p> Les donn\u00e9es ne seront pas transmises \u00e0 des soci\u00e9t\u00e9s commerciales ou \u00e0 d\u2019autres organisations. <\/p>\n\n\n\n<p> L\u2019article 26 de la loi modifi\u00e9e du 2 ao\u00fbt 2002 pr\u00e9voit que la personne concern\u00e9e par un traitement de donn\u00e9es a le droit d\u2019obtenir les informations suivantes sur le traitement de ses donn\u00e9es personnelles&nbsp;:<\/p>\n\n\n\n<p><strong>Service responsable du traitement des donn\u00e9es :<\/strong><br> AFP &#8211; Solidarit\u00e9-Famille a.s.b.l.<br> 6, rue Adolphe<br>L-1116 Luxembourg<br> T\u00e9l.: 46 000 41<br> Fax: 47 00 59<br> info@afp-solidarite-famille.lu<\/p>\n\n\n\n<p><strong>Finalit\u00e9 du traitement des donn\u00e9es&nbsp;:<\/strong><br> La gestion des demandes d\u2019inscription<\/p>\n\n\n\n<p><strong>Destinataires potentiels des donn\u00e9es<em>&nbsp;:<\/em><\/strong><br> Aucuns <\/p>\n\n\n\n<p><strong>Caract\u00e8re volontaire\/obligatoire de la transmission des donn\u00e9es sur ce site web&nbsp;:<\/strong><br> Toutes les donn\u00e9es sont transmises volontairement et par la personne m\u00eame. <\/p>\n\n\n\n<p><strong>Droit d\u2019acc\u00e8s aux donn\u00e9es concernant l\u2019utilisateur&nbsp;:<\/strong><br> L\u2019utilisateur a le droit d\u2019obtenir des informations des donn\u00e9es qu\u2019il a transmis \u00e0 l\u2019AFP- Solidarit\u00e9-Famille a.s.b.l. par le biais de ce site web.<\/p>\n\n\n\n<p><strong>Droit de rectification concernant les donn\u00e9es de l\u2019utilisateur&nbsp;:<\/strong><br> L\u2019utilisateur a le droit de voir rectifier des donn\u00e9es qu\u2019il a transmis \u00e0 l\u2019AFP-Solidarit\u00e9-Famille a.s.b.l. par le biais de ce site web.<\/p>\n\n\n\n<p><strong>Dur\u00e9e de conservation des donn\u00e9es&nbsp;:<\/strong><br> Les donn\u00e9es sont conserv\u00e9es jusqu\u2019\u00e0 ce que la mission en lien avec la demande de la personne concern\u00e9e ait \u00e9t\u00e9 remplie.<br>Les donn\u00e9es n\u00e9cessaires \u00e0 des fins d\u2019utilisation comptable sont conserv\u00e9es pendant la p\u00e9riode pr\u00e9vue par la loi.<\/p>\n","protected":false},"excerpt":{"rendered":"<p>Ce site web n\u2019utilise pas de cookies. Les donn\u00e9es recueillies par ce site web ne peuvent provenir que de l\u2019enregistrement volontaire fait par vous-m\u00eame de vos donn\u00e9es personnelles, par exemple par l\u2019utilisation du formulaire d\u2019inscription. Les donn\u00e9es ne seront pas transmises \u00e0 des soci\u00e9t\u00e9s commerciales ou \u00e0 d\u2019autres organisations. L\u2019article 26 de la loi modifi\u00e9e &hellip; <\/p>\n<p class=\"link-more\"><a href=\"https:\/\/www.martemeo.lu\/fr\/politique-de-confidentialite\/\" class=\"more-link\">Continuer la lecture<span class=\"screen-reader-text\"> de &laquo;&nbsp;Politique de confidentialit\u00e9&nbsp;&raquo;<\/span><\/a><\/p>\n","protected":false},"author":2,"featured_media":540,"parent":0,"menu_order":0,"comment_status":"closed","ping_status":"closed","template":"","meta":{"footnotes":""},"class_list":["post-607","page","type-page","status-publish","has-post-thumbnail","hentry"],"_links":{"self":[{"href":"https:\/\/www.martemeo.lu\/fr\/wp-json\/wp\/v2\/pages\/607","targetHints":{"allow":["GET"]}}],"collection":[{"href":"https:\/\/www.martemeo.lu\/fr\/wp-json\/wp\/v2\/pages"}],"about":[{"href":"https:\/\/www.martemeo.lu\/fr\/wp-json\/wp\/v2\/types\/page"}],"author":[{"embeddable":true,"href":"https:\/\/www.martemeo.lu\/fr\/wp-json\/wp\/v2\/users\/2"}],"replies":[{"embeddable":true,"href":"https:\/\/www.martemeo.lu\/fr\/wp-json\/wp\/v2\/comments?post=607"}],"version-history":[{"count":4,"href":"https:\/\/www.martemeo.lu\/fr\/wp-json\/wp\/v2\/pages\/607\/revisions"}],"predecessor-version":[{"id":789,"href":"https:\/\/www.martemeo.lu\/fr\/wp-json\/wp\/v2\/pages\/607\/revisions\/789"}],"wp:featuredmedia":[{"embeddable":true,"href":"https:\/\/www.martemeo.lu\/fr\/wp-json\/wp\/v2\/media\/540"}],"wp:attachment":[{"href":"https:\/\/www.martemeo.lu\/fr\/wp-json\/wp\/v2\/media?parent=607"}],"curies":[{"name":"wp","href":"https:\/\/api.w.org\/{rel}","templated":true}]}}