{"id":510,"date":"2019-08-20T15:47:34","date_gmt":"2019-08-20T13:47:34","guid":{"rendered":"https:\/\/martemeo.lu-martemeo\/marte-meo-practitioner-therapist-colleague-trainer\/"},"modified":"2026-01-28T16:06:03","modified_gmt":"2026-01-28T15:06:03","slug":"marte-meo-practitioner-therapist-colleague-trainer","status":"publish","type":"page","link":"https:\/\/www.martemeo.lu\/fr\/marte-meo-practitioner-therapist-colleague-trainer\/","title":{"rendered":"Marte Meo Practitioner \/ Marte Meo Therapist &#038; Colleague Trainer"},"content":{"rendered":"\n<hr class=\"wp-block-separator has-css-opacity is-style-wide divider-headline-blue\"\/>\n\n\n\n<p>La formation \u00ab&nbsp;Marte Meo&nbsp;\u00bb est destin\u00e9e \u00e0 tout.e professionnel.le travaillant au sein des institutions psycho-sociales qui s\u2019inscrivent dans les domaines de l\u2019accompagnement, de la promotion et de la prise en charge tels&nbsp;:<\/p>\n\n\n\n<ul class=\"wp-block-list\">\n<li>Les centres de consultations pour enfants, adolescents et familles<\/li>\n\n\n\n<li>Les services d\u2019assistance familiale<\/li>\n\n\n\n<li>Les institutions \u00e0 vis\u00e9e \u00e9ducative, de promotion et d\u2019accompagnement telles les \u00e9coles et \u00e9coles sp\u00e9cialis\u00e9es<\/li>\n\n\n\n<li>Les structures d\u2019accueil pour enfant, adolescents (\u00e9galement pour la r\u00e9daction de documentation de d\u00e9veloppement) et personnes \u00e2g\u00e9es<\/li>\n\n\n\n<li>Les centres pour personnes porteuses d\u2019un handicap<\/li>\n<\/ul>\n\n\n\n<h2 class=\"wp-block-heading\"> Conditions<\/h2>\n\n\n\n<p>La participation \u00e0 cette formation vise \u00e0 enrichir et \u00e0 approfondir la  formation de base d\u00e9j\u00e0 acquise dans le secteur social ainsi que  l\u2019exp\u00e9rience professionnelle dans ce domaine.<\/p>\n\n\n\n<p>L\u2019analyse d\u2019interactions sur vid\u00e9os fait partie int\u00e9grante de la  m\u00e9thode et, par cons\u00e9quent, de cette formation Marte Meo. Pour la  r\u00e9alisation des clips il est donc absolument n\u00e9cessaire d\u2019avoir acc\u00e8s \u00e0  un cam\u00e9scope et de pouvoir filmer des interactions sur son lieu de  travail.<\/p>\n\n\n\n<p>Comme le travail pratique ce fera avec les clips de tous les  participants, le respect absolu du secret professionnel est primordial. <\/p>\n\n\n\n<h2 class=\"wp-block-heading\">Marte Meo Practitioner<\/h2>\n\n\n\n<p>Les principes de base de la m\u00e9thode Marte Meo sont transmis et son application consciente et consciencieuse dans le domaine de travail des participant.e.s est d\u00e9velopp\u00e9e \u00e0 l\u2019aide de s\u00e9quences vid\u00e9o. La communication en tant que soutien au d\u00e9veloppement dans des contextes psycho-sociaux est un point crucial de la formation. La certification de la formation \u00ab&nbsp;Marte Meo&nbsp;\u00bb est une condition pr\u00e9alable \u00e0 la participation aux journ\u00e9es de formation continue et de supervision inh\u00e9rentes aux formations de \u00ab&nbsp;Marte Meo Therapist&nbsp;\u00bb et\/ou \u00ab&nbsp;Marte Meo Colleague Trainer&nbsp;\u00bb qui qualifient les participants \u00e0 conseiller clients et coll\u00e8gues.<\/p>\n\n\n\n<h2 class=\"wp-block-heading\">Marte Meo Therapist \/Marte Meo Colleague Trainer<\/h2>\n\n\n\n<p>Dans ces deux formations, les participants sont accompagn\u00e9s pas \u00e0 pas dans leur processus de d\u00e9veloppement personnel gr\u00e2ce aux supervisions de leur mat\u00e9riel\/s\u00e9quences vid\u00e9o et des informations sp\u00e9cifiquement adapt\u00e9es \u00e0 ces s\u00e9quences vid\u00e9o. Ils apprennent \u00e0 guider et conseiller, sur la base de supports imag\u00e9s, coll\u00e8gues, parents, enfants, adolescents et adultes. \u00c0 partir du \u00ab&nbsp;Marte Meo Diagnose&nbsp;\u00bb (fr.&nbsp;: diagnostic Marte Meo), les participants apprennent \u00e9galement \u00e0 communiquer efficacement, \u00e0 l\u2019appui d\u2019images, des informations relatives au d\u00e9veloppement.<\/p>\n\n\n\n<h2 class=\"wp-block-heading\">Certification :<\/h2>\n\n\n\n<p>En tant que \u00ab&nbsp;Marte Meo Licensed Supervising Institute&nbsp;\u00bb, nos formations \u00ab&nbsp;Marte Meo&nbsp;\u00bb correspondent \u00e9videmment aux directives donn\u00e9es par \u00ab&nbsp;Marte Meo International&nbsp;\u00bb. La formation continue est reconnue par le SNJ (Service National de la Jeunesse &#8211; Luxembourg).<\/p>\n\n\n\n<h2 class=\"wp-block-heading\">Dur\u00e9e de la formation <\/h2>\n\n\n\n<p>La formation s\u2019\u00e9tale sur 2 ans avec environ 20 journ\u00e9es de formations,  dur\u00e9e variable en fonction des progr\u00e8s individuels des participants. La  base th\u00e9orique est transmise en d\u00e9but de formation,  puis les participants seront suivis, par la supervision de leurs clips,  dans leur d\u00e9veloppement personnel. <\/p>\n\n\n\n<p>A un groupe de formation peuvent  participer 8 \u00e0 12 personnes. <\/p>\n\n\n\n<h2 class=\"wp-block-heading\">Langue<\/h2>\n\n\n\n<p>Les formations sont dispens\u00e9es en allemand et en luxembourgeois.<\/p>\n\n\n\n<h2 class=\"wp-block-heading\">Co\u00fbts <\/h2>\n\n\n\n<ul class=\"wp-block-list\">\n<li>Marte Meo Practitioner<br> (6 jours)&nbsp;: 600 \u20ac<\/li>\n\n\n\n<li>Marte Meo Therapist ou Marte Meo Colleague Trainer<br>(14 jours apr\u00e8s avoir suivi la formation \u00ab&nbsp;Marte Meo Practitioner&nbsp;\u00bb)&nbsp;: 1150\u20ac<\/li>\n\n\n\n<li>Marte Meo Therapist ou Marte Meo Colleague Trainer<br>y compris Marte Meo Practitioner<br> (20 jours)&nbsp;: 1650 \u20ac<\/li>\n<\/ul>\n\n\n\n<p>Ces frais d\u2019inscriptions comprennent les co\u00fbts des s\u00e9minaires, les supervisions vid\u00e9o et la certification de \u00ab&nbsp;Marte Meo International&nbsp;\u00bb. <\/p>\n\n\n\n<p>Les supports\/manuels, les frais personnels, les frais de d\u00e9placement et les repas ainsi que d\u2019\u00e9ventuels rendez-vous suppl\u00e9mentaires ne sont pas inclus dans les frais.<\/p>\n\n\n\n<h2 class=\"wp-block-heading\"><strong>Prochaines dates<\/strong> <strong>2026<\/strong><\/h2>\n\n\n\n<h2 class=\"wp-block-heading\">Marte Meo Practitioner<\/h2>\n\n\n\n<p>Dates de la formation<\/p>\n\n\n\n<h4 class=\"wp-block-heading\">1. Introduction (en ligne via vid\u00e9oconf\u00e9rence)<\/h4>\n\n\n\n<p><strong>Jeudi 09 avril 2026  de 17h00 \u00e0 19h30<\/strong><\/p>\n\n\n\n<p>Cette introduction peut, si n\u00e9cessaire, \u00eatre r\u00e9p\u00e9t\u00e9e plusieurs fois avant la deuxi\u00e8me journ\u00e9e de formation afin d\u2019atteindre un nombre suffisant de participant\u00b7e\u00b7s.<\/p>\n\n\n\n<hr class=\"wp-block-separator has-alpha-channel-opacity\"\/>\n\n\n\n<h4 class=\"wp-block-heading\">2. Journ\u00e9es de formation en pr\u00e9sentiel<\/h4>\n\n\n\n<p><strong>Mercredi 20 mai 2026 \u2013 de 09h00 \u00e0 15h00<\/strong><\/p>\n\n\n\n<p><strong>Mercredi 10 juin  2026 \u2013 de 09h00 \u00e0 15h00<\/strong><\/p>\n\n\n\n<p><strong>Mercredi 01 juillet 2026 \u2013 de 09h00 \u00e0 15h00<\/strong><\/p>\n\n\n\n<p><strong>Mercredi 23 septembre 2026 \u2013 de 09h00 \u00e0 15h00<\/strong><\/p>\n\n\n\n<p><strong>Mercredi 21 octobre 2026 \u2013 de 09h00 \u00e0 15h00<\/strong><\/p>\n\n\n\n<div style=\"height:39px\" aria-hidden=\"true\" class=\"wp-block-spacer\"><\/div>\n\n\n\n<h2 class=\"wp-block-heading\">Inscription au cours<\/h2>\n\n\n\n<p>La formation est propos\u00e9e et organis\u00e9e via la plateforme du <strong>Minist\u00e8re de l\u2019\u00c9ducation nationale, de l\u2019Enfance et de la Jeunesse<\/strong>.<\/p>\n\n\n\n<p>Vous trouverez les informations ainsi que la possibilit\u00e9 de vous inscrire sous le lien suivant :<\/p>\n\n\n\n<p><a href=\"https:\/\/plattform.public.lu\/fr\/formations-standard\/1000\/1900\/1958.html\">https:\/\/plattform.public.lu\/fr\/formations-standard\/1000\/1900\/1958.html<\/a><\/p>\n","protected":false},"excerpt":{"rendered":"<p>La formation \u00ab&nbsp;Marte Meo&nbsp;\u00bb est destin\u00e9e \u00e0 tout.e professionnel.le travaillant au sein des institutions psycho-sociales qui s\u2019inscrivent dans les domaines de l\u2019accompagnement, de la promotion et de la prise en charge tels&nbsp;: Conditions La participation \u00e0 cette formation vise \u00e0 enrichir et \u00e0 approfondir la formation de base d\u00e9j\u00e0 acquise dans le secteur social ainsi &hellip; <\/p>\n<p class=\"link-more\"><a href=\"https:\/\/www.martemeo.lu\/fr\/marte-meo-practitioner-therapist-colleague-trainer\/\" class=\"more-link\">Continuer la lecture<span class=\"screen-reader-text\"> de &laquo;&nbsp;Marte Meo Practitioner \/ Marte Meo Therapist &#038; Colleague Trainer&nbsp;&raquo;<\/span><\/a><\/p>\n","protected":false},"author":1,"featured_media":458,"parent":0,"menu_order":0,"comment_status":"closed","ping_status":"closed","template":"","meta":{"footnotes":""},"class_list":["post-510","page","type-page","status-publish","has-post-thumbnail","hentry"],"_links":{"self":[{"href":"https:\/\/www.martemeo.lu\/fr\/wp-json\/wp\/v2\/pages\/510","targetHints":{"allow":["GET"]}}],"collection":[{"href":"https:\/\/www.martemeo.lu\/fr\/wp-json\/wp\/v2\/pages"}],"about":[{"href":"https:\/\/www.martemeo.lu\/fr\/wp-json\/wp\/v2\/types\/page"}],"author":[{"embeddable":true,"href":"https:\/\/www.martemeo.lu\/fr\/wp-json\/wp\/v2\/users\/1"}],"replies":[{"embeddable":true,"href":"https:\/\/www.martemeo.lu\/fr\/wp-json\/wp\/v2\/comments?post=510"}],"version-history":[{"count":20,"href":"https:\/\/www.martemeo.lu\/fr\/wp-json\/wp\/v2\/pages\/510\/revisions"}],"predecessor-version":[{"id":842,"href":"https:\/\/www.martemeo.lu\/fr\/wp-json\/wp\/v2\/pages\/510\/revisions\/842"}],"wp:featuredmedia":[{"embeddable":true,"href":"https:\/\/www.martemeo.lu\/fr\/wp-json\/wp\/v2\/media\/458"}],"wp:attachment":[{"href":"https:\/\/www.martemeo.lu\/fr\/wp-json\/wp\/v2\/media?parent=510"}],"curies":[{"name":"wp","href":"https:\/\/api.w.org\/{rel}","templated":true}]}}